{"version":"1.0","provider_name":"A Tak\u00e1cs csal\u00e1d napjai","provider_url":"https:\/\/takacs.cafeblog.hu","author_name":"holyka78","author_url":"https:\/\/takacs.cafeblog.hu\/author\/holyka78-2-2\/","title":"Megelepet\u00e9sek","html":"<div style=\"text-align: justify;\"><span style=\"font-size: 13px;\">&nbsp;&nbsp;&nbsp;<span style=\"color: rgb(179, 0, 51);\"> <\/span><\/span><span style=\"font-family: Verdana; font-size: 13px; color: rgb(179, 0, 51);\">Benne vagyunk nyakig. Az els\u0151 kar\u00e1csony a bab\u00e1val. N\u00f3ri b\u00e9bivel nem is volt egy csepp gond sem tegnap, azaz 24-\u00e9n. Nagyon derekasan t\u0171rte a megpr\u00f3b\u00e1ltat\u00e1sokat. S\u0151t! D\u00e9lel\u0151tt mindenki nagy csod\u00e1lat\u00e1ra az alma-r\u00e9pa kokt\u00e9lb\u00f3l megevett majd' 1 decit! Napk\u00f6zben pedig nagyokat aludt a dr\u00e1ga, \u00e9s mag\u00e1hoz k\u00e9pest sz\u00e9pen evett is.Azt\u00e1n est\u00e9re \u00f6sszes\u0171r\u0171s\u00f6dtek az esem\u00e9nyek \u00e9s a tennival\u00f3k nek\u00fcnk, sz\u00fcl\u0151knek, \u00e9s nem f\u00fcrdett\u00fck meg a gyereket. Na, ett\u0151l fejre\u00e1llt az est\u00e9je. M\u00e9g az aj\u00e1nd\u00e9k bontogat\u00e1st is nagyon \u00e9lvezte, de azt\u00e1n nem tudott elaludni. V\u00e9g\u00fcl f\u00e9l 12-kor elvitt\u00fck megf\u00fcrdetni, evett ut\u00e1na, \u00e9s azt\u00e1n elaludt. Hi\u00e1ba! A rendszeress\u00e9g. Azt szokta meg, hogy f\u00fcrd\u00e9s, ev\u00e9s, fekv\u00e9s, nagy alv\u00e1s.Ha valami kimarad akkor zavar keletkezik a rendszerben. De helyrehoztuk.<\/span><br><br><img style=\"width: 498px; height: 372px;\" src=\"https:\/\/takacs.cafeblog.hu\/files\/IMG_1968_3.jpg\" class=\"blogkep\"><br><br><span style=\"font-family: Verdana; font-size: 13px; color: rgb(179, 0, 51);\">Kar\u00e1csonyi men\u00fc \u00fcgyileg nem arattam t\u00fal nagy sikert. A bort\u00e9szt\u00e1s hal egy csom\u00f3 olajat mag\u00e1ba sz\u00edvott, a kapor nem \u00e9rz\u0151d\u00f6tt a bund\u00e1j\u00e1n, sz\u00f3val nem volt j\u00f3. A s\u00fct\u0151t\u00f6k p\u00fcr\u00e9 meg nem az \u00e9n kedvencem...k\u00e9rd\u00e9s, hogy N\u00f3rinak majd hogy adom el\u0151, hogy milyen finom?!Sz\u00f3val nem arattam sikert vele az uramn\u00e1l. Meg magamn\u00e1l se. Az uram meg is jegyezte, hogy m\u00e9rt\u00e9kkel fogyaszthat\u00f3 volt a vacsi. M\u00e9g j\u00f3, hogy any\u00f3som isteni bejglij\u00e9vel j\u00f3llaktunk:-))).A tiramisur\u00f3l meg kicsit elfeledketzt\u00fcnk, csak este kanalaztunk bel\u0151le az urammal. <\/span><br><span style=\"font-family: Verdana; font-size: 13px; color: rgb(179, 0, 51);\">Szombaton v\u00e1s\u00e1rolni voltunk az urammal, aki be is szerzett egy kis vadh\u00fast. \u00dagyhogy a mai men\u00fc az aszalt szilv\u00e1val t\u00f6lt\u00f6tt h\u00fas helyett vadas lesz. Tegnap \u00f3ta p\u00e1col\u00f3dik. Most amiatt par\u00e1zok, nehogy elsz\u00farjam...mert kb. k\u00e9tszer k\u00e9sz\u00edtettem vadast az \u00e9letben \u00e9s mindah\u00e1nyszor isteni lett, de szerintem t\u00f6bb mint 1 \u00e9ve nem f\u0151ztem ilyet. <\/span><br><br><span style=\"font-family: Verdana; font-size: 13px; color: rgb(179, 0, 51);\">\u00c9s a k\u00e9pek az els\u0151 kar\u00e1csonyr\u00f3l a bab\u00e1val:<\/span><br><br><img style=\"width: 477px; height: 627px;\" src=\"https:\/\/takacs.cafeblog.hu\/files\/IMG_1939_2.jpg\" class=\"blogkep\"><br><span style=\"font-family: Verdana; font-size: 13px; color: rgb(179, 0, 51);\">\n<\/span><\/div><p style=\"text-align: justify;\"><span style=\"font-family: Verdana; font-size: 13px; color: rgb(179, 0, 51);\">&nbsp;<\/span><\/p><p style=\"text-align: justify;\"><img style=\"width: 477px; height: 357px;\" src=\"https:\/\/takacs.cafeblog.hu\/files\/IMG_1933_2.jpg\" class=\"blogkep\"><\/p><span style=\"font-family: Verdana; font-size: 13px; color: rgb(179, 0, 51);\">\n\n<\/span><br>","type":"rich"}