{"version":"1.0","provider_name":"A Tak\u00e1cs csal\u00e1d napjai","provider_url":"https:\/\/takacs.cafeblog.hu","author_name":"holyka78","author_url":"https:\/\/takacs.cafeblog.hu\/author\/holyka78-2-2\/","title":"Nincsid\u0151msemmireeeee","html":"<span style=\"font-size: 11px;\"><\/span><div style=\"text-align: justify;\"><span style=\"font-family: Verdana; font-size: 11px;\"><span style=\"color: rgb(204, 0, 0);\"><\/span><span style=\"font-size: 12px; color: rgb(204, 0, 0);\">Nem nagyon volt id\u0151m \u00edrni mostans\u00e1g, megpr\u00f3b\u00e1lom most is r\u00f6vidre fogni.<\/span><\/span><br><span style=\"font-family: Verdana; font-size: 12px; color: rgb(204, 0, 0);\">M\u00falt h\u00e9ten 2 napot egy kis migr\u00e9nnel t\u00f6lt\u00f6ttem. Cs\u00fct\u00f6rt\u00f6k\u00f6n a fejem f\u00e1jt, p\u00e9nteken meg sz\u00e9d\u00fcltem. R\u00e1ad\u00e1sul a lenti kis lak\u00e1sb\u00f3l a m\u00e9g ott hagyott n\u00e9h\u00e1ny dolgunkat el kellett hozni, \u00e9s elhelyezni. Szeg\u00e9ny f\u00e9rjem egyed\u00fcl cib\u00e1lt fel egy nagy szekr\u00e9nyt p\u00e9nteken, annyira nem voltam j\u00f3l. K\u00e9s\u0151bb gondolkodtam, hogy lehet, hogy lemer\u00fcltem, vagyis kimer\u00fcltem, mert a sz\u00e9d\u00fcl\u00e9s mellett folyamatos k\u00e9sztet\u00e9st \u00e9reztem az alv\u00e1sra. Aludtam is k\u00e9tszer 2 \u00f3r\u00e1t. V\u00e9g\u00fclis a m\u00e1sodik alv\u00e1s ut\u00e1n j\u00f6ttem helyre.<\/span><br><span style=\"font-family: Verdana; font-size: 12px; color: rgb(204, 0, 0);\">Szombaton Buda\u00f6rs bev\u00e1s\u00e1rl\u00f3faluban voltunk, a baba\u00e1ruh\u00e1zban vettem p\u00e1r dolgot, meg a praktikerbe \u00e9s a tescoba ment\u00fcnk.<\/span><br><span style=\"font-family: Verdana; font-size: 12px; color: rgb(204, 0, 0);\">Vas\u00e1rnap befejezt\u00fck a marad\u00e9k cuccok felhord\u00e1s\u00e1t. Van 2 sz\u0151nyeg amit ki akarunk tiszt\u00edttatni. <\/span><br><span style=\"font-family: Verdana; font-size: 12px; color: rgb(204, 0, 0);\">Az uram az egyik szekr\u00e9ny\u00fcnket \u00e1talak\u00edtotta \u00e9s klassz tv-s szekr\u00e9nyt var\u00e1zsolt bel\u0151le. Olyan aranyos mikor lelkesen dolgozik. A f\u00fcrdibe is megcsin\u00e1lta a f\u0171t\u00e9soszt\u00f3t eltakar\u00f3 szekr\u00e9nyk\u00e9t, nagyon cuki lett.<\/span><br><span style=\"font-family: Verdana; font-size: 12px; color: rgb(204, 0, 0);\">A h\u00e1ztart\u00e1si mel\u00f3ban pr\u00f3b\u00e1lom magam ut\u00f3l\u00e9rni, mert szombaton hazamegy\u00fcnk Szeghalomra. Pr\u00f3b\u00e1lom ki\u00fcr\u00edteni a szennyesl\u00e1d\u00e1t, \u00e9s a vasal\u00e1st is megcsin\u00e1lni. R\u00e9meeesss!!!!!!Sajnos legink\u00e1bb a d\u00e9le\u0151tti 2 \u00f3r\u00e1t tudom csak kihaszn\u00e1lni, \u00e9s ma is meg kellett \u00e1llap\u00edtanom hogy semmire se el\u00e9g.1 \u00f3r\u00e1ba telt m\u00edg a lak\u00e1s k\u00f6ves r\u00e9szeit felsepertem \u00e9s felmostam, azt\u00e1n m\u00e9g besz\u00e1lltam az eb\u00e9df\u0151z\u00e9sbe is. D\u00e9lut\u00e1n mikor az uram haza\u00e9rt lecsaltam a dm-be,mert m\u00e1r csak 1 doboz babav\u00edz volt itthon, p\u00f3tolni kellett a k\u00e9szletet.<\/span><br><span style=\"font-family: Verdana; font-size: 12px; color: rgb(204, 0, 0);\">N\u00f3rika m\u00e1r profin \u00e1ll n\u00e9gyk\u00e9zl\u00e1b \u00e9s tegnap \u00f3ta k\u00eds\u00e9rletezik a fel\u00fcl\u00e9ssel. Ki\u00fcl az oldal\u00e1ra, csak m\u00e9g \u00e9ppen nem nyomja ki mag\u00e1t egyenesre. Ha \u00fcltetj\u00fck m\u00e1r egyre jobban megtartja mag\u00e1t, s\u0151t, ha nem kapaszkodik \u00e9s elkezd d\u0151lni, akkor is vissza tudja mag\u00e1t egyens\u00falyozni \u00fcl\u0151 helyzetbe.<\/span><br><span style=\"font-family: Verdana; font-size: 12px; color: rgb(204, 0, 0);\">Az ev\u00e9s nem megy valami z\u00f6kken\u0151mentesen. B\u00e1r a s\u00falya az j\u00f3, m\u00falt h\u00e9ten 6,9kg volt, most 7,02kg, sz\u00f3val a heti 10 dek\u00e1t hozza. Most az a leg\u00fajabb, hogy nem eszik \u00fcveges f\u0151zel\u00e9ket, s\u0151t baromira hadil\u00e1bba keveredett a f\u0151zel\u00e9kekkel. Az \u00fcveges b\u00e9bidesszerteket elfogadja, de a f\u0151zel\u00e9keket nem. A cs\u00facs tegnap volt, mikor is bontottam neki egy Hipp finomf\u0151zel\u00e9ket. H\u00e1t,a hippes gy\u00fcmiket im\u00e1dja, de ez a f\u0151zi nem j\u00f6tt be. Sebaj. Kiolvasztottam neki egy kor\u00e1bban lefagyasztott t\u00f6k-krumpli-alm\u00e1t. Na, abb\u00f3l se evett t\u00f6bbet, mint 2 kan\u00e1lka. M\u00e9g mindig semmi p\u00e1nik, j\u00f6het a tejp\u00e9p. Az se kell. Gyerek meg m\u00e1r k.o. a k\u00eds\u00e9rletez\u00e9st\u0151l. Na j\u00f3,gyerek pihi, anya meg k\u00e9sz\u00edt alma-krumplit. Abb\u00f3l is kb. 5 kan\u00e1llal evett \u00e9s annyi. M\u00e1r f\u00e1radt is volt, \u00e9s csak nagy nehezen tudtam adni neki egy adag t\u00e1pszert. Azt\u00e1n a d\u00e9lut\u00e1ni alv\u00e1s ut\u00e1n hajland\u00f3 volt vagy 120 g tejp\u00e9p megev\u00e9s\u00e9re. <\/span><br><span style=\"font-family: Verdana; font-size: 12px; color: rgb(204, 0, 0);\">A mai nap se volt sokkal jobb. Ma d\u00e9lel\u0151tt ban\u00e1nturmix volt, m\u00e9rs\u00e9kelt sikert arattam vele, d\u00e9lben meg r\u00e9pa-krumpli-alma. Na, abb\u00f3l evett \u00fagy 40 g-ot. K\u00e9s\u0151bb t\u00e1pszer, kb.140 g, \u00e9s miel\u0151tt elaludt volna, csod\u00e1k csod\u00e1ja ism\u00e9t t\u00e1pszer, kb. 110 g. Persze az alv\u00e1s ut\u00e1n nem akart tejp\u00e9pet enni, pedig az j\u00f3l bej\u00f6tt mostans\u00e1g...Mindegy, f\u00fcrd\u00f6tt, azt\u00e1n evett \u00e9s el is aludt. <\/span><br><span style=\"font-family: Verdana; font-size: 12px; color: rgb(204, 0, 0);\">Nagyon kif\u00e1raszt a kudarc a d\u00e9li ev\u00e9s k\u00f6r\u00fcl :-(((nincs siker\u00e9lm\u00e9nyem. Na persze nem azt v\u00e1rom,hogy degeszre t\u00f6mje mag\u00e1t, de egy kicsit t\u00f6bbet ehetne ,mint 4-5 kan\u00e1l....<\/span><br><span style=\"font-family: Verdana; font-size: 12px; color: rgb(204, 0, 0);\">A m\u00e1sik leg\u00fajabb m\u00e1nia, hogy a pelenk\u00e1z\u00f3n is forog mint a ringlisp\u00edr, alig tudom pelenk\u00e1zni, \u00f6lt\u00f6ztetni. Nagyon f\u00e1raszt\u00f3 volt ez az ut\u00f3bbi 2 nap....<\/span><br><span style=\"font-family: Verdana; font-size: 12px; color: rgb(204, 0, 0);\">V\u00e9gezet\u00fcl fot\u00f3k,mert m\u00e1r r\u00e9g nem tettem fel:<\/span><br><br><img style=\"width: 471px; height: 352px;\" src=\"https:\/\/takacs.cafeblog.hu\/files\/uldogelek.jpg\" class=\"blogkep\"><br><span style=\"font-family: Verdana; font-size: 12px; color: rgb(204, 0, 0);\">N\u00f3rika \u00fcld\u00f6g\u00e9l<\/span><br><br><img style=\"width: 467px; height: 349px;\" src=\"https:\/\/takacs.cafeblog.hu\/files\/uldogelek2.jpg\" class=\"blogkep\"><br><span style=\"font-family: Verdana; font-size: 12px; color: rgb(204, 0, 0);\">N\u00f3rika \u00fcld\u00f6g\u00e9l.<\/span><br><br><img style=\"width: 464px; height: 346px;\" src=\"https:\/\/takacs.cafeblog.hu\/files\/tisztaapja.jpg\" class=\"blogkep\"><br><br><span style=\"font-family: Verdana; font-size: 12px; color: rgb(204, 0, 0);\">Szerintem ezen a k\u00e9pen tiszta apjaaaa!!!!\u00c9bred\u00e9s ut\u00e1n van a dr\u00e1g<\/span><span style=\"font-size: 12px; color: rgb(204, 0, 0);\"><span style=\"font-family: Verdana;\">a<\/span>...<\/span><br><\/div><span style=\"font-size: 11px;\">\n<\/span><span style=\"font-size: 11px;\">\n\n<\/span>","type":"rich"}